{"id":8842,"date":"2019-09-14T09:24:56","date_gmt":"2019-09-14T07:24:56","guid":{"rendered":""},"modified":"2025-08-22T11:55:08","modified_gmt":"2025-08-22T09:55:08","slug":"black-sangynpaaty-165cm","status":"publish","type":"product","link":"https:\/\/pohjanmaantehtaanmyymala.fi\/sv\/tuote\/black-sangynpaaty-165cm\/","title":{"rendered":"BLACK &#8211; s\u00e4ngynp\u00e4\u00e4ty lev. 165cm"},"content":{"rendered":"<p>Black -s\u00e4ngynp\u00e4\u00e4dyt ovat muotokielelt\u00e4\u00e4n selkeit\u00e4 ja ajattoman tyylikk\u00e4it\u00e4 tarjoten ratkaisuja monenlaisiin sisustustarpeisiin. Levymateriaalina on el\u00e4v\u00e4pintainen Woodline, josta valo taittuu mielenkiintoisella ja kauniilla tavalla. Maalattu valkoinen ja musta ovat sile\u00e4pintaista levy\u00e4.<\/p>\n<p>Black-sarjasta saatavilla my\u00f6s\u00a0 <a href=\"https:\/\/pohjanmaantehtaanmyymala.fi\/tuote\/black-yopoyta\/\">y\u00f6-p\u00f6yd\u00e4t.<\/a><\/p>\n<p>Black-p\u00e4\u00e4ty\u00e4 on saatavana useilla eri v\u00e4reill\u00e4.<\/p>\n<p>P\u00e4\u00e4ty suositellaan kiinnitett\u00e4v\u00e4ksi yl\u00e4osasta sein\u00e4\u00e4n kaatumisen est\u00e4mikseksi.<\/p>\n<p>P\u00e4\u00e4dyn koko: lev. 165 cm, korkeus 131,5 cm.<\/p>\n<p>Toimitetaan osina pahvipakkauksessa.<\/p>\n<p>Paino n. 30 kg<\/p>\n","protected":false},"excerpt":{"rendered":"<p>Black -s\u00e4ngynp\u00e4\u00e4dyt ovat muotokielelt\u00e4\u00e4n selkeit\u00e4 ja ajattoman tyylikk\u00e4it\u00e4 tarjoten ratkaisuja monenlaisiin sisustustarpeisiin. Levymateriaalina on el\u00e4v\u00e4pintainen Woodline, josta valo taittuu mielenkiintoisella ja kauniilla tavalla. Maalattu valkoinen ja musta ovat sile\u00e4pintaista levy\u00e4. Black-sarjasta saatavilla my\u00f6s\u00a0 y\u00f6-p\u00f6yd\u00e4t. Black-p\u00e4\u00e4ty\u00e4 on saatavana useilla eri v\u00e4reill\u00e4. P\u00e4\u00e4ty suositellaan kiinnitett\u00e4v\u00e4ksi yl\u00e4osasta sein\u00e4\u00e4n kaatumisen est\u00e4mikseksi. P\u00e4\u00e4dyn koko: lev. 165 cm, korkeus 131,5 cm. [&hellip;]<\/p>\n","protected":false},"featured_media":20775,"comment_status":"closed","ping_status":"closed","template":"","meta":{"_acf_changed":false,"jetpack_post_was_ever_published":false,"jetpack_publicize_message":"","jetpack_publicize_feature_enabled":true,"jetpack_social_post_already_shared":false,"jetpack_social_options":{"image_generator_settings":{"template":"highway","default_image_id":0,"font":"","enabled":false},"version":2}},"product_brand":[172],"product_cat":[383],"product_tag":[],"class_list":{"0":"post-8842","1":"product","2":"type-product","3":"status-publish","4":"has-post-thumbnail","6":"product_brand-hiipakka","7":"product_cat-sangynpaadyt-ja-yopoydat","8":"product_shipping_class-161","9":"pa_vari-hopea","10":"pa_vari-hunajatammi","11":"pa_vari-musta","12":"pa_vari-valkoinen","14":"first","15":"instock","16":"sale","17":"purchasable","18":"product-type-variable"},"acf":[],"jetpack_publicize_connections":[],"jetpack_sharing_enabled":true,"jetpack-related-posts":[{"id":10369,"url":"https:\/\/pohjanmaantehtaanmyymala.fi\/sv\/tuote\/black-sangynpaaty-185cm-2\/","url_meta":{"origin":8842,"position":0},"title":"BLACK &#8211; s\u00e4ngynp\u00e4\u00e4ty lev. 185cm","author":"petri","date":"september 14, 2019","format":false,"excerpt":"Kotimainen Hiipakan Tehtaiden valmistama p\u00e4\u00e4ty eri v\u00e4reill\u00e4.","rel":"","context":"Liknande produkt","block_context":{"text":"Liknande produkt","link":""},"img":{"alt_text":"Black p\u00e4\u00e4ty musta makuuhuone milj\u00f6\u00f6","src":"https:\/\/i0.wp.com\/pohjanmaantehtaanmyymala.fi\/wp-content\/uploads\/2019\/09\/Black_paaty_miljoo_185.jpg?fit=960%2C960&ssl=1&resize=350%2C200","width":350,"height":200,"srcset":"https:\/\/i0.wp.com\/pohjanmaantehtaanmyymala.fi\/wp-content\/uploads\/2019\/09\/Black_paaty_miljoo_185.jpg?fit=960%2C960&ssl=1&resize=350%2C200 1x, https:\/\/i0.wp.com\/pohjanmaantehtaanmyymala.fi\/wp-content\/uploads\/2019\/09\/Black_paaty_miljoo_185.jpg?fit=960%2C960&ssl=1&resize=525%2C300 1.5x, https:\/\/i0.wp.com\/pohjanmaantehtaanmyymala.fi\/wp-content\/uploads\/2019\/09\/Black_paaty_miljoo_185.jpg?fit=960%2C960&ssl=1&resize=700%2C400 2x"},"classes":[]},{"id":10368,"url":"https:\/\/pohjanmaantehtaanmyymala.fi\/sv\/tuote\/black-sangynpaaty-125cm\/","url_meta":{"origin":8842,"position":1},"title":"BLACK &#8211; s\u00e4ngynp\u00e4\u00e4ty lev. 125 cm","author":"petri","date":"september 14, 2019","format":false,"excerpt":"Black -s\u00e4ngynp\u00e4\u00e4dyt ovat muotokielelt\u00e4\u00e4n selkeit\u00e4 ja ajattoman tyylikk\u00e4it\u00e4 tarjoten ratkaisuja monenlaisiin sisustustarpeisiin. Levymateriaalina on el\u00e4v\u00e4pintainen Woodline, josta valo taittuu mielenkiintoisella ja kauniilla tavalla. Uudet mustat ja valkoiset versiot ovat maalattua sile\u00e4\u00e4 kalustelevy\u00e4. Lis\u00e4ksi Black-p\u00e4\u00e4dyn kaveriksi on saatavana y\u00f6-p\u00f6yd\u00e4t. Black-p\u00e4\u00e4ty\u00e4 on seuraavissa v\u00e4reiss\u00e4: valkoinen, hunajatammi, hopeajalava. P\u00e4\u00e4ty suositellaan kiinnitett\u00e4v\u00e4ksi yl\u00e4osasta sein\u00e4\u00e4n\u2026","rel":"","context":"Liknande produkt","block_context":{"text":"Liknande produkt","link":""},"img":{"alt_text":"Black s\u00e4ngynp\u00e4\u00e4ty valkoinen","src":"https:\/\/i0.wp.com\/pohjanmaantehtaanmyymala.fi\/wp-content\/uploads\/2019\/09\/Black-paaty-valkoinen.jpg?fit=1200%2C1200&ssl=1&resize=350%2C200","width":350,"height":200,"srcset":"https:\/\/i0.wp.com\/pohjanmaantehtaanmyymala.fi\/wp-content\/uploads\/2019\/09\/Black-paaty-valkoinen.jpg?fit=1200%2C1200&ssl=1&resize=350%2C200 1x, https:\/\/i0.wp.com\/pohjanmaantehtaanmyymala.fi\/wp-content\/uploads\/2019\/09\/Black-paaty-valkoinen.jpg?fit=1200%2C1200&ssl=1&resize=525%2C300 1.5x, https:\/\/i0.wp.com\/pohjanmaantehtaanmyymala.fi\/wp-content\/uploads\/2019\/09\/Black-paaty-valkoinen.jpg?fit=1200%2C1200&ssl=1&resize=700%2C400 2x, https:\/\/i0.wp.com\/pohjanmaantehtaanmyymala.fi\/wp-content\/uploads\/2019\/09\/Black-paaty-valkoinen.jpg?fit=1200%2C1200&ssl=1&resize=1050%2C600 3x"},"classes":[]},{"id":8851,"url":"https:\/\/pohjanmaantehtaanmyymala.fi\/sv\/tuote\/black-yopoyta\/","url_meta":{"origin":8842,"position":2},"title":"BLACK &#8211; y\u00f6p\u00f6yt\u00e4","author":"petri","date":"september 14, 2019","format":false,"excerpt":"Black huonekaluilla sisustat kauniisti makuuhuoneen.","rel":"","context":"Liknande produkt","block_context":{"text":"Liknande produkt","link":""},"img":{"alt_text":"Hiipakka Black y\u00f6p\u00f6yt\u00e4 vintagetammi","src":"https:\/\/i0.wp.com\/pohjanmaantehtaanmyymala.fi\/wp-content\/uploads\/2019\/06\/Black11.jpg?fit=960%2C960&ssl=1&resize=350%2C200","width":350,"height":200,"srcset":"https:\/\/i0.wp.com\/pohjanmaantehtaanmyymala.fi\/wp-content\/uploads\/2019\/06\/Black11.jpg?fit=960%2C960&ssl=1&resize=350%2C200 1x, https:\/\/i0.wp.com\/pohjanmaantehtaanmyymala.fi\/wp-content\/uploads\/2019\/06\/Black11.jpg?fit=960%2C960&ssl=1&resize=525%2C300 1.5x, https:\/\/i0.wp.com\/pohjanmaantehtaanmyymala.fi\/wp-content\/uploads\/2019\/06\/Black11.jpg?fit=960%2C960&ssl=1&resize=700%2C400 2x"},"classes":[]},{"id":27684,"url":"https:\/\/pohjanmaantehtaanmyymala.fi\/sv\/tuote\/moon-3-ist-nahkasohva-musta\/","url_meta":{"origin":8842,"position":3},"title":"Moon Black 3-ist. nahkasohva musta","author":"Sami Viitala","date":"november 25, 2024","format":false,"excerpt":"Nahkasohva, jossa on\u00a0 tyylikkyytt\u00e4 ja mukavuutta.","rel":"","context":"Liknande produkt","block_context":{"text":"Liknande produkt","link":""},"img":{"alt_text":"Moon nahkasohva 3-istuttuva musta milj\u00f6\u00f6kuva","src":"https:\/\/i0.wp.com\/pohjanmaantehtaanmyymala.fi\/wp-content\/uploads\/2024\/11\/Moon_miljoo_Tenstar.jpg?fit=960%2C960&ssl=1&resize=350%2C200","width":350,"height":200,"srcset":"https:\/\/i0.wp.com\/pohjanmaantehtaanmyymala.fi\/wp-content\/uploads\/2024\/11\/Moon_miljoo_Tenstar.jpg?fit=960%2C960&ssl=1&resize=350%2C200 1x, https:\/\/i0.wp.com\/pohjanmaantehtaanmyymala.fi\/wp-content\/uploads\/2024\/11\/Moon_miljoo_Tenstar.jpg?fit=960%2C960&ssl=1&resize=525%2C300 1.5x, https:\/\/i0.wp.com\/pohjanmaantehtaanmyymala.fi\/wp-content\/uploads\/2024\/11\/Moon_miljoo_Tenstar.jpg?fit=960%2C960&ssl=1&resize=700%2C400 2x"},"classes":[]},{"id":24959,"url":"https:\/\/pohjanmaantehtaanmyymala.fi\/sv\/tuote\/uniikki-chess-sangynpaaty\/","url_meta":{"origin":8842,"position":4},"title":"Uniikki Chess s\u00e4ngynp\u00e4\u00e4ty","author":"Miro Nevala","date":"februari 6, 2024","format":false,"excerpt":"Tyylik\u00e4s verhoitu p\u00e4\u00e4ty useassa eri koossa ja v\u00e4rill\u00e4. Valitse alta malli ja v\u00e4ri!","rel":"","context":"Liknande produkt","block_context":{"text":"Liknande produkt","link":""},"img":{"alt_text":"Uniikki Chess p\u00e4\u00e4ty v\u00e4ri vaalean harmaa","src":"https:\/\/i0.wp.com\/pohjanmaantehtaanmyymala.fi\/wp-content\/uploads\/2024\/02\/Chess-pa%CC%88a%CC%88ty-960dpi.jpg?fit=960%2C960&ssl=1&resize=350%2C200","width":350,"height":200,"srcset":"https:\/\/i0.wp.com\/pohjanmaantehtaanmyymala.fi\/wp-content\/uploads\/2024\/02\/Chess-pa%CC%88a%CC%88ty-960dpi.jpg?fit=960%2C960&ssl=1&resize=350%2C200 1x, https:\/\/i0.wp.com\/pohjanmaantehtaanmyymala.fi\/wp-content\/uploads\/2024\/02\/Chess-pa%CC%88a%CC%88ty-960dpi.jpg?fit=960%2C960&ssl=1&resize=525%2C300 1.5x, https:\/\/i0.wp.com\/pohjanmaantehtaanmyymala.fi\/wp-content\/uploads\/2024\/02\/Chess-pa%CC%88a%CC%88ty-960dpi.jpg?fit=960%2C960&ssl=1&resize=700%2C400 2x"},"classes":[]},{"id":10532,"url":"https:\/\/pohjanmaantehtaanmyymala.fi\/sv\/tuote\/uniikki-sangynpaaty\/","url_meta":{"origin":8842,"position":5},"title":"UNIIKKI suora s\u00e4ngynp\u00e4\u00e4ty tummanharmaa","author":"petri","date":"september 14, 2019","format":false,"excerpt":"Edullinen kangasverhoiltu p\u00e4\u00e4ty jenkki- tai runkos\u00e4nkyyn, saatavana eri levyisin\u00e4","rel":"","context":"Liknande produkt","block_context":{"text":"Liknande produkt","link":""},"img":{"alt_text":"","src":"https:\/\/i0.wp.com\/pohjanmaantehtaanmyymala.fi\/wp-content\/uploads\/2019\/09\/UNIIKKI_SANGYNPAATY.jpg?fit=960%2C960&ssl=1&resize=350%2C200","width":350,"height":200,"srcset":"https:\/\/i0.wp.com\/pohjanmaantehtaanmyymala.fi\/wp-content\/uploads\/2019\/09\/UNIIKKI_SANGYNPAATY.jpg?fit=960%2C960&ssl=1&resize=350%2C200 1x, https:\/\/i0.wp.com\/pohjanmaantehtaanmyymala.fi\/wp-content\/uploads\/2019\/09\/UNIIKKI_SANGYNPAATY.jpg?fit=960%2C960&ssl=1&resize=525%2C300 1.5x, https:\/\/i0.wp.com\/pohjanmaantehtaanmyymala.fi\/wp-content\/uploads\/2019\/09\/UNIIKKI_SANGYNPAATY.jpg?fit=960%2C960&ssl=1&resize=700%2C400 2x"},"classes":[]}],"_links":{"self":[{"href":"https:\/\/pohjanmaantehtaanmyymala.fi\/sv\/wp-json\/wp\/v2\/product\/8842","targetHints":{"allow":["GET"]}}],"collection":[{"href":"https:\/\/pohjanmaantehtaanmyymala.fi\/sv\/wp-json\/wp\/v2\/product"}],"about":[{"href":"https:\/\/pohjanmaantehtaanmyymala.fi\/sv\/wp-json\/wp\/v2\/types\/product"}],"replies":[{"embeddable":true,"href":"https:\/\/pohjanmaantehtaanmyymala.fi\/sv\/wp-json\/wp\/v2\/comments?post=8842"}],"wp:featuredmedia":[{"embeddable":true,"href":"https:\/\/pohjanmaantehtaanmyymala.fi\/sv\/wp-json\/wp\/v2\/media\/20775"}],"wp:attachment":[{"href":"https:\/\/pohjanmaantehtaanmyymala.fi\/sv\/wp-json\/wp\/v2\/media?parent=8842"}],"wp:term":[{"taxonomy":"product_brand","embeddable":true,"href":"https:\/\/pohjanmaantehtaanmyymala.fi\/sv\/wp-json\/wp\/v2\/product_brand?post=8842"},{"taxonomy":"product_cat","embeddable":true,"href":"https:\/\/pohjanmaantehtaanmyymala.fi\/sv\/wp-json\/wp\/v2\/product_cat?post=8842"},{"taxonomy":"product_tag","embeddable":true,"href":"https:\/\/pohjanmaantehtaanmyymala.fi\/sv\/wp-json\/wp\/v2\/product_tag?post=8842"}],"curies":[{"name":"wp","href":"https:\/\/api.w.org\/{rel}","templated":true}]}}