{"id":20731,"date":"2022-07-05T15:07:42","date_gmt":"2022-07-05T13:07:42","guid":{"rendered":"https:\/\/pohjanmaantehtaanmyymala.fi\/?post_type=product&#038;p=20731"},"modified":"2024-05-25T13:00:05","modified_gmt":"2024-05-25T11:00:05","slug":"vila-orust-nojatuoli-polyrottinkia-ruskeanharmaa","status":"publish","type":"product","link":"https:\/\/pohjanmaantehtaanmyymala.fi\/sv\/tuote\/vila-orust-nojatuoli-polyrottinkia-ruskeanharmaa\/","title":{"rendered":"VILA orust &#8211; nojatuoli polyrottinkia ruskeanharmaa"},"content":{"rendered":"<p><strong>1 kpl J\u00e4ljell\u00e4!<\/strong><\/p>\n<p>Tyylik\u00e4s matala Vila -nojatuoli ruskeanharmaasta polyrottingista. Tuolissa on kest\u00e4v\u00e4 alumiinirunko ja ruskeat pehmusteet.<\/p>\n<p>Tuoli toimitetaa valmiiksi kasattuna pahvipaketissa.<\/p>\n<h3>Mittatiedot:<\/h3>\n<p>koko: l 65, s 61, k 86 cm<br \/>\nistuinkorkeus: 40 cm<br \/>\nistuinsyvyys: 52 cm<br \/>\nistuinleveys: 47 cm<br \/>\nk\u00e4sinojan korkeus maasta: 64 cm<br \/>\npehmusteen paksuus: 6 cm<\/p>\n","protected":false},"excerpt":{"rendered":"<p>1 kpl J\u00e4ljell\u00e4! Tyylik\u00e4s matala Vila -nojatuoli ruskeanharmaasta polyrottingista. Tuolissa on kest\u00e4v\u00e4 alumiinirunko ja ruskeat pehmusteet. Tuoli toimitetaa valmiiksi kasattuna pahvipaketissa. Mittatiedot: koko: l 65, s 61, k 86 cm istuinkorkeus: 40 cm istuinsyvyys: 52 cm istuinleveys: 47 cm k\u00e4sinojan korkeus maasta: 64 cm pehmusteen paksuus: 6 cm<\/p>\n","protected":false},"featured_media":20741,"comment_status":"closed","ping_status":"closed","template":"","meta":{"_acf_changed":false,"jetpack_post_was_ever_published":false,"jetpack_publicize_message":"","jetpack_publicize_feature_enabled":true,"jetpack_social_post_already_shared":true,"jetpack_social_options":{"image_generator_settings":{"template":"highway","default_image_id":0,"font":"","enabled":false},"version":2}},"product_brand":[187],"product_cat":[213,200],"product_tag":[],"class_list":{"0":"post-20731","1":"product","2":"type-product","3":"status-publish","4":"has-post-thumbnail","6":"product_brand-schou","7":"product_cat-outlet","8":"product_cat-kesakalusteet","9":"product_shipping_class-161","11":"first","12":"instock","13":"sale","14":"purchasable","15":"product-type-simple"},"acf":[],"jetpack_publicize_connections":[],"jetpack_sharing_enabled":true,"jetpack-related-posts":[{"id":25401,"url":"https:\/\/pohjanmaantehtaanmyymala.fi\/sv\/tuote\/emil-nojatuoli-raisa-kankaalla\/","url_meta":{"origin":20731,"position":0},"title":"Emil-nojatuoli Raisa-kankaalla","author":"Miro Nevala","date":"februari 14, 2024","format":false,"excerpt":"Moderni ja mukava nojatuoli rentoutumiseen. Valitse v\u00e4ri!","rel":"","context":"Liknande produkt","block_context":{"text":"Liknande produkt","link":""},"img":{"alt_text":"Emil tuoli Raisa kankaalla v\u00e4ri vaalea","src":"https:\/\/i0.wp.com\/pohjanmaantehtaanmyymala.fi\/wp-content\/uploads\/2024\/02\/Emil-tuoli-Raisa-kangas-960dpi.jpg?fit=960%2C960&ssl=1&resize=350%2C200","width":350,"height":200,"srcset":"https:\/\/i0.wp.com\/pohjanmaantehtaanmyymala.fi\/wp-content\/uploads\/2024\/02\/Emil-tuoli-Raisa-kangas-960dpi.jpg?fit=960%2C960&ssl=1&resize=350%2C200 1x, https:\/\/i0.wp.com\/pohjanmaantehtaanmyymala.fi\/wp-content\/uploads\/2024\/02\/Emil-tuoli-Raisa-kangas-960dpi.jpg?fit=960%2C960&ssl=1&resize=525%2C300 1.5x, https:\/\/i0.wp.com\/pohjanmaantehtaanmyymala.fi\/wp-content\/uploads\/2024\/02\/Emil-tuoli-Raisa-kangas-960dpi.jpg?fit=960%2C960&ssl=1&resize=700%2C400 2x"},"classes":[]},{"id":25299,"url":"https:\/\/pohjanmaantehtaanmyymala.fi\/sv\/tuote\/emil-nojatuoli-ja-rahi-raisa-kankaalla\/","url_meta":{"origin":20731,"position":1},"title":"Emil-nojatuoli ja rahi Raisa-kankaalla","author":"Miro Nevala","date":"mars 15, 2024","format":false,"excerpt":"Moderni, ajaton ja mukava nojatuoli ja rahi rentoutumiseen. Valitse v\u00e4ri!","rel":"","context":"Liknande produkt","block_context":{"text":"Liknande produkt","link":""},"img":{"alt_text":"Emil tuoli ja rahi Raisa kankaalla v\u00e4ri vaalea","src":"https:\/\/i0.wp.com\/pohjanmaantehtaanmyymala.fi\/wp-content\/uploads\/2024\/02\/Emil-tuoli-ja-rahi-Raisa-kangas-960dpi.jpg?fit=960%2C960&ssl=1&resize=350%2C200","width":350,"height":200,"srcset":"https:\/\/i0.wp.com\/pohjanmaantehtaanmyymala.fi\/wp-content\/uploads\/2024\/02\/Emil-tuoli-ja-rahi-Raisa-kangas-960dpi.jpg?fit=960%2C960&ssl=1&resize=350%2C200 1x, https:\/\/i0.wp.com\/pohjanmaantehtaanmyymala.fi\/wp-content\/uploads\/2024\/02\/Emil-tuoli-ja-rahi-Raisa-kangas-960dpi.jpg?fit=960%2C960&ssl=1&resize=525%2C300 1.5x, https:\/\/i0.wp.com\/pohjanmaantehtaanmyymala.fi\/wp-content\/uploads\/2024\/02\/Emil-tuoli-ja-rahi-Raisa-kangas-960dpi.jpg?fit=960%2C960&ssl=1&resize=700%2C400 2x"},"classes":[]},{"id":25396,"url":"https:\/\/pohjanmaantehtaanmyymala.fi\/sv\/tuote\/emil-nojatuoli-perfect-harmony-kankaalla\/","url_meta":{"origin":20731,"position":2},"title":"Emil-nojatuoli Perfect Harmony-kankaalla","author":"Miro Nevala","date":"februari 14, 2024","format":false,"excerpt":"Moderni, ajaton ja mukava nojatuoli rentoutumiseen!","rel":"","context":"Liknande produkt","block_context":{"text":"Liknande produkt","link":""},"img":{"alt_text":"Emil tuoli vinokuva","src":"https:\/\/i0.wp.com\/pohjanmaantehtaanmyymala.fi\/wp-content\/uploads\/2024\/02\/Emil-tuoli-fusion-960dpi.jpg?fit=960%2C960&ssl=1&resize=350%2C200","width":350,"height":200,"srcset":"https:\/\/i0.wp.com\/pohjanmaantehtaanmyymala.fi\/wp-content\/uploads\/2024\/02\/Emil-tuoli-fusion-960dpi.jpg?fit=960%2C960&ssl=1&resize=350%2C200 1x, https:\/\/i0.wp.com\/pohjanmaantehtaanmyymala.fi\/wp-content\/uploads\/2024\/02\/Emil-tuoli-fusion-960dpi.jpg?fit=960%2C960&ssl=1&resize=525%2C300 1.5x, https:\/\/i0.wp.com\/pohjanmaantehtaanmyymala.fi\/wp-content\/uploads\/2024\/02\/Emil-tuoli-fusion-960dpi.jpg?fit=960%2C960&ssl=1&resize=700%2C400 2x"},"classes":[]},{"id":20535,"url":"https:\/\/pohjanmaantehtaanmyymala.fi\/sv\/tuote\/house-nordic-trieste-tuoli-luonnonvari\/","url_meta":{"origin":20731,"position":3},"title":"House Nordic Trieste tuoli luonnonv\u00e4ri","author":"Sami Viitala","date":"maj 3, 2022","format":false,"excerpt":"Upea polyrottinkinen nojatuoli pehmusteella ja metalli jalalla.","rel":"","context":"Liknande produkt","block_context":{"text":"Liknande produkt","link":""},"img":{"alt_text":"House Nordic Trieste tuoli luonnonv\u00e4ri mustalla jalalla","src":"https:\/\/i0.wp.com\/pohjanmaantehtaanmyymala.fi\/wp-content\/uploads\/2022\/05\/Trieste-tuoli.jpg?fit=960%2C960&ssl=1&resize=350%2C200","width":350,"height":200,"srcset":"https:\/\/i0.wp.com\/pohjanmaantehtaanmyymala.fi\/wp-content\/uploads\/2022\/05\/Trieste-tuoli.jpg?fit=960%2C960&ssl=1&resize=350%2C200 1x, https:\/\/i0.wp.com\/pohjanmaantehtaanmyymala.fi\/wp-content\/uploads\/2022\/05\/Trieste-tuoli.jpg?fit=960%2C960&ssl=1&resize=525%2C300 1.5x, https:\/\/i0.wp.com\/pohjanmaantehtaanmyymala.fi\/wp-content\/uploads\/2022\/05\/Trieste-tuoli.jpg?fit=960%2C960&ssl=1&resize=700%2C400 2x"},"classes":[]},{"id":9465,"url":"https:\/\/pohjanmaantehtaanmyymala.fi\/sv\/tuote\/sheraton-sohva\/","url_meta":{"origin":20731,"position":4},"title":"SHERATON 3-istuttava nahkasohva","author":"petri","date":"september 14, 2019","format":false,"excerpt":"Ylellisen pehme\u00e4 muhkea ja iso Sheraton-nahkasohva l\u00f6h\u00f6ilyyn. Sohvan pehme\u00e4t istuintyynyt yhdistettyn\u00e4 pehmeisiin selk\u00e4tyynyihin tarjoaa loistavan taukopaikan keskelle arkeasi. Sohva on verhoiltu kest\u00e4v\u00e4ll\u00e4 Soft antique-nahalla vain sohvan taustaosat ovat keinonahkaa. Istuinkorkeus 47 cm. -syvyys 56 cm. Sheraton-sohvamallista saatavana my\u00f6s 2-istuttava sohva ja nojatuoli. Kysy lis\u00e4\u00e4 asiakaspalvelustamme. Tuotetiedot: Runko:Massiivipuu koivuvaneri. Runkotakuu 20-vuotta.\u2026","rel":"","context":"Liknande produkt","block_context":{"text":"Liknande produkt","link":""},"img":{"alt_text":"Sheraton valkoinen 3-istuttava nahkasohva","src":"https:\/\/i0.wp.com\/pohjanmaantehtaanmyymala.fi\/wp-content\/uploads\/2019\/09\/Pohjanmaan-Sheraton_nahkasohva_valkoinen.jpg?fit=960%2C960&ssl=1&resize=350%2C200","width":350,"height":200,"srcset":"https:\/\/i0.wp.com\/pohjanmaantehtaanmyymala.fi\/wp-content\/uploads\/2019\/09\/Pohjanmaan-Sheraton_nahkasohva_valkoinen.jpg?fit=960%2C960&ssl=1&resize=350%2C200 1x, https:\/\/i0.wp.com\/pohjanmaantehtaanmyymala.fi\/wp-content\/uploads\/2019\/09\/Pohjanmaan-Sheraton_nahkasohva_valkoinen.jpg?fit=960%2C960&ssl=1&resize=525%2C300 1.5x, https:\/\/i0.wp.com\/pohjanmaantehtaanmyymala.fi\/wp-content\/uploads\/2019\/09\/Pohjanmaan-Sheraton_nahkasohva_valkoinen.jpg?fit=960%2C960&ssl=1&resize=700%2C400 2x"},"classes":[]},{"id":9487,"url":"https:\/\/pohjanmaantehtaanmyymala.fi\/sv\/tuote\/outfit-anders-mekanismituoli-saadettavalla-selkanojalla\/","url_meta":{"origin":20731,"position":5},"title":"Anders \u2013 mekanismituoli polyrottinki musta\/harmaa","author":"petri","date":"september 14, 2019","format":false,"excerpt":"Edullinen lepotuoli mekanismilla l\u00f6h\u00f6ilyyn.","rel":"","context":"Liknande produkt","block_context":{"text":"Liknande produkt","link":""},"img":{"alt_text":"Anders mekanismituoli polyrottinkia musta harmaat pehmusteet","src":"https:\/\/i0.wp.com\/pohjanmaantehtaanmyymala.fi\/wp-content\/uploads\/2019\/09\/Anders-629040_f.jpg?fit=960%2C960&ssl=1&resize=350%2C200","width":350,"height":200,"srcset":"https:\/\/i0.wp.com\/pohjanmaantehtaanmyymala.fi\/wp-content\/uploads\/2019\/09\/Anders-629040_f.jpg?fit=960%2C960&ssl=1&resize=350%2C200 1x, https:\/\/i0.wp.com\/pohjanmaantehtaanmyymala.fi\/wp-content\/uploads\/2019\/09\/Anders-629040_f.jpg?fit=960%2C960&ssl=1&resize=525%2C300 1.5x, https:\/\/i0.wp.com\/pohjanmaantehtaanmyymala.fi\/wp-content\/uploads\/2019\/09\/Anders-629040_f.jpg?fit=960%2C960&ssl=1&resize=700%2C400 2x"},"classes":[]}],"_links":{"self":[{"href":"https:\/\/pohjanmaantehtaanmyymala.fi\/sv\/wp-json\/wp\/v2\/product\/20731","targetHints":{"allow":["GET"]}}],"collection":[{"href":"https:\/\/pohjanmaantehtaanmyymala.fi\/sv\/wp-json\/wp\/v2\/product"}],"about":[{"href":"https:\/\/pohjanmaantehtaanmyymala.fi\/sv\/wp-json\/wp\/v2\/types\/product"}],"replies":[{"embeddable":true,"href":"https:\/\/pohjanmaantehtaanmyymala.fi\/sv\/wp-json\/wp\/v2\/comments?post=20731"}],"wp:featuredmedia":[{"embeddable":true,"href":"https:\/\/pohjanmaantehtaanmyymala.fi\/sv\/wp-json\/wp\/v2\/media\/20741"}],"wp:attachment":[{"href":"https:\/\/pohjanmaantehtaanmyymala.fi\/sv\/wp-json\/wp\/v2\/media?parent=20731"}],"wp:term":[{"taxonomy":"product_brand","embeddable":true,"href":"https:\/\/pohjanmaantehtaanmyymala.fi\/sv\/wp-json\/wp\/v2\/product_brand?post=20731"},{"taxonomy":"product_cat","embeddable":true,"href":"https:\/\/pohjanmaantehtaanmyymala.fi\/sv\/wp-json\/wp\/v2\/product_cat?post=20731"},{"taxonomy":"product_tag","embeddable":true,"href":"https:\/\/pohjanmaantehtaanmyymala.fi\/sv\/wp-json\/wp\/v2\/product_tag?post=20731"}],"curies":[{"name":"wp","href":"https:\/\/api.w.org\/{rel}","templated":true}]}}