{"id":10783,"date":"2019-09-14T09:52:23","date_gmt":"2019-09-14T07:52:23","guid":{"rendered":"https:\/\/pohjanmaantehtaanmyymala.fi\/tuote\/klaara-lipastokaappi-matala-19\/"},"modified":"2024-02-22T11:44:42","modified_gmt":"2024-02-22T09:44:42","slug":"klaara-lipastokaappi-matala-19","status":"publish","type":"product","link":"https:\/\/pohjanmaantehtaanmyymala.fi\/en\/tuote\/klaara-lipastokaappi-matala-19\/","title":{"rendered":"KLAARA 19 Lipastokaappi matala"},"content":{"rendered":"<p>Kotimainen Leo Matti Ojalan valmistama Klaara-sarjan lipastokaappi. Maalaisromanttinen tyyli sopii moneen suomalaiseen kotiin. Klaaran messingin v\u00e4riset vetimet antavat mukavan ilmeen tuotteelle. V\u00e4rivaihtoehtoja ovat kokonaan valkoinen tai lis\u00e4hintaan kansiv\u00e4riksi voit valita massiivipuisen harmaan, luonnonv\u00e4risen tai ruskean v\u00e4rin.<\/p>\n<p>Kalustesarjasta saatavilla my\u00f6s tasot, lipastot ja senkit.<\/p>\n<h3>Tuotetiedot:<\/h3>\n<p>Valmistettu MDF-Levyst\u00e4, petsatut kannet koivua.<br \/>\nToimitetaan jalat ja kansi irrallaan. (runko ja laatikot valmiiksi koottuna)<\/p>\n","protected":false},"excerpt":{"rendered":"<p>Kotimainen Leo Matti Ojalan valmistama Klaara-sarjan lipastokaappi. Maalaisromanttinen tyyli sopii moneen suomalaiseen kotiin. Klaaran messingin v\u00e4riset vetimet antavat mukavan ilmeen tuotteelle. V\u00e4rivaihtoehtoja ovat kokonaan valkoinen tai lis\u00e4hintaan kansiv\u00e4riksi voit valita massiivipuisen harmaan, luonnonv\u00e4risen tai ruskean v\u00e4rin. Kalustesarjasta saatavilla my\u00f6s tasot, lipastot ja senkit. Tuotetiedot: Valmistettu MDF-Levyst\u00e4, petsatut kannet koivua. Toimitetaan jalat ja kansi irrallaan. (runko [&hellip;]<\/p>\n","protected":false},"featured_media":10784,"comment_status":"closed","ping_status":"closed","template":"","meta":{"_acf_changed":false,"jetpack_post_was_ever_published":false,"jetpack_publicize_message":"","jetpack_publicize_feature_enabled":true,"jetpack_social_post_already_shared":true,"jetpack_social_options":{"image_generator_settings":{"template":"highway","default_image_id":0,"font":"","enabled":false},"version":2}},"product_brand":[183],"product_cat":[196],"product_tag":[],"class_list":{"0":"post-10783","1":"product","2":"type-product","3":"status-publish","4":"has-post-thumbnail","6":"product_brand-ojala","7":"product_cat-sailytyskalusteet-ja-tv-tasot","8":"product_shipping_class-161","10":"first","11":"instock","12":"purchasable","13":"product-type-simple"},"acf":[],"jetpack_publicize_connections":[],"jetpack_sharing_enabled":true,"jetpack-related-posts":[{"id":20958,"url":"https:\/\/pohjanmaantehtaanmyymala.fi\/en\/tuote\/klaara-24-sohvapoyta-60x60-cm\/","url_meta":{"origin":10783,"position":0},"title":"KLAARA 24 Sohvap\u00f6yt\u00e4 60&#215;60 cm","author":"Sami Viitala","date":"August 30, 2022","format":false,"excerpt":"Klaara pieni sohvap\u00f6yt\u00e4 kahdella tasolla. Rungon v\u00e4ri valkoinen, kannen v\u00e4riksi voi valita: valkoinen, koivu, harmaa, ruskea. V\u00e4rilliset kannet ovat massiivikoivua. Toimitetaan kasattuna.","rel":"","context":"Similar post","block_context":{"text":"Similar post","link":""},"img":{"alt_text":"Klaara pieni sohvap\u00f6yt\u00e4 ruskealla kannella","src":"https:\/\/i0.wp.com\/pohjanmaantehtaanmyymala.fi\/wp-content\/uploads\/2022\/08\/KlaaraNRO24.jpg?fit=960%2C960&ssl=1&resize=350%2C200","width":350,"height":200,"srcset":"https:\/\/i0.wp.com\/pohjanmaantehtaanmyymala.fi\/wp-content\/uploads\/2022\/08\/KlaaraNRO24.jpg?fit=960%2C960&ssl=1&resize=350%2C200 1x, https:\/\/i0.wp.com\/pohjanmaantehtaanmyymala.fi\/wp-content\/uploads\/2022\/08\/KlaaraNRO24.jpg?fit=960%2C960&ssl=1&resize=525%2C300 1.5x, https:\/\/i0.wp.com\/pohjanmaantehtaanmyymala.fi\/wp-content\/uploads\/2022\/08\/KlaaraNRO24.jpg?fit=960%2C960&ssl=1&resize=700%2C400 2x"},"classes":[]},{"id":10802,"url":"https:\/\/pohjanmaantehtaanmyymala.fi\/en\/tuote\/klaara-tv-taso-10\/","url_meta":{"origin":10783,"position":1},"title":"KLAARA 10 TV-taso, leveys 82,5 cm","author":"petri","date":"September 14, 2019","format":false,"excerpt":"Pienikokoinen tv-taso.","rel":"","context":"Similar post","block_context":{"text":"Similar post","link":""},"img":{"alt_text":"Ojalan Klaara tv-taso pieni p\u00e4hkin\u00e4n v\u00e4risell\u00e4 kannella","src":"https:\/\/i0.wp.com\/pohjanmaantehtaanmyymala.fi\/wp-content\/uploads\/2019\/09\/Klaara-NRO-10_tv-taso.jpg?fit=960%2C960&ssl=1&resize=350%2C200","width":350,"height":200,"srcset":"https:\/\/i0.wp.com\/pohjanmaantehtaanmyymala.fi\/wp-content\/uploads\/2019\/09\/Klaara-NRO-10_tv-taso.jpg?fit=960%2C960&ssl=1&resize=350%2C200 1x, https:\/\/i0.wp.com\/pohjanmaantehtaanmyymala.fi\/wp-content\/uploads\/2019\/09\/Klaara-NRO-10_tv-taso.jpg?fit=960%2C960&ssl=1&resize=525%2C300 1.5x, https:\/\/i0.wp.com\/pohjanmaantehtaanmyymala.fi\/wp-content\/uploads\/2019\/09\/Klaara-NRO-10_tv-taso.jpg?fit=960%2C960&ssl=1&resize=700%2C400 2x"},"classes":[]},{"id":10803,"url":"https:\/\/pohjanmaantehtaanmyymala.fi\/en\/tuote\/klaara-tv-taso-11\/","url_meta":{"origin":10783,"position":2},"title":"KLAARA 11 TV-taso 160 cm laatikoilla","author":"petri","date":"September 14, 2019","format":false,"excerpt":"Leo-Matti Ojalan leve\u00e4 Klaara tv-taso k\u00e4y isommankin tv:n alle. T\u00e4ss\u00e4 Klaara Tv-tasossa on nelj\u00e4 laatikkoa ja avohylly. Klaara sarjan runko ja laatikon etusarjojen v\u00e4ri on valkoinen. Kansiv\u00e4rin voi valita valkoisen, harmaan, koivuluonnonv\u00e4risen tai ruskean v\u00e4lilt\u00e4. Tuotetiedot: Runko: maalattua mdf-levy\u00e4 Laatiko: mdf-levy\u00e4 Kansi: Koivu lv, harmaa ja ruskea kansi ovat massiivikoivua\u2026","rel":"","context":"Similar post","block_context":{"text":"Similar post","link":""},"img":{"alt_text":"Klaara tv-taso l. 160 cm laatikoilla valkoinen runko koivu kansi","src":"https:\/\/i0.wp.com\/pohjanmaantehtaanmyymala.fi\/wp-content\/uploads\/2019\/09\/Klaara-NRO-11-tv-taso_334.jpg?fit=960%2C960&ssl=1&resize=350%2C200","width":350,"height":200,"srcset":"https:\/\/i0.wp.com\/pohjanmaantehtaanmyymala.fi\/wp-content\/uploads\/2019\/09\/Klaara-NRO-11-tv-taso_334.jpg?fit=960%2C960&ssl=1&resize=350%2C200 1x, https:\/\/i0.wp.com\/pohjanmaantehtaanmyymala.fi\/wp-content\/uploads\/2019\/09\/Klaara-NRO-11-tv-taso_334.jpg?fit=960%2C960&ssl=1&resize=525%2C300 1.5x, https:\/\/i0.wp.com\/pohjanmaantehtaanmyymala.fi\/wp-content\/uploads\/2019\/09\/Klaara-NRO-11-tv-taso_334.jpg?fit=960%2C960&ssl=1&resize=700%2C400 2x"},"classes":[]},{"id":10777,"url":"https:\/\/pohjanmaantehtaanmyymala.fi\/en\/tuote\/klaara-lipasto-2\/","url_meta":{"origin":10783,"position":3},"title":"KLAARA 2 Lipasto 4 laatikkoa","author":"petri","date":"September 14, 2019","format":false,"excerpt":"Kotimainen Leo-Matti Ojalan valmistama Klaara leve\u00e4 lipasto, jossa on 4 kapeaa laatikkoa. Klaara sarjan runko ja laatikon etusarjojen v\u00e4ri on valkoinen. Kansiv\u00e4rin voi valita valkoisen, harmaan, koivu luonnonv\u00e4risen tai ruskean v\u00e4lilt\u00e4. Tuotetiedot: Runko: maalattua mdf-levy\u00e4 Laatiko: mdf-levy\u00e4 Kansi: Koivu lv, harmaa ja ruskea kansi ovat massiivikoivua sek\u00e4 valkoinem on mdf-levy\u00e4.\u2026","rel":"","context":"Similar post","block_context":{"text":"Similar post","link":""},"img":{"alt_text":"Klaara lipasto kapea 4 laatikkoa p\u00e4hkin\u00e4 kannella","src":"https:\/\/i0.wp.com\/pohjanmaantehtaanmyymala.fi\/wp-content\/uploads\/2019\/09\/Klaara-NRO-2-lipasto_328.jpg?fit=960%2C960&ssl=1&resize=350%2C200","width":350,"height":200,"srcset":"https:\/\/i0.wp.com\/pohjanmaantehtaanmyymala.fi\/wp-content\/uploads\/2019\/09\/Klaara-NRO-2-lipasto_328.jpg?fit=960%2C960&ssl=1&resize=350%2C200 1x, https:\/\/i0.wp.com\/pohjanmaantehtaanmyymala.fi\/wp-content\/uploads\/2019\/09\/Klaara-NRO-2-lipasto_328.jpg?fit=960%2C960&ssl=1&resize=525%2C300 1.5x, https:\/\/i0.wp.com\/pohjanmaantehtaanmyymala.fi\/wp-content\/uploads\/2019\/09\/Klaara-NRO-2-lipasto_328.jpg?fit=960%2C960&ssl=1&resize=700%2C400 2x"},"classes":[]},{"id":10776,"url":"https:\/\/pohjanmaantehtaanmyymala.fi\/en\/tuote\/klaara-lipasto-18\/","url_meta":{"origin":10783,"position":4},"title":"KLAARA 18 Lipasto 2+2 laatikkoa","author":"petri","date":"September 14, 2019","format":false,"excerpt":"Kotimainen Leo-Matti Ojalan valmistama Klaara leve\u00e4 lipasto, jossa on 2 kapeaa ja 2 leve\u00e4\u00e4 laatikkoa. Klaara sarjan runko ja laatikon etusarjojen v\u00e4ri on valkoinen. Kansiv\u00e4rin voi valita valkoisen, harmaan, koivu luonnonv\u00e4risen tai ruskean v\u00e4lilt\u00e4. Tuotetiedot: Runko: maalattua mdf-levy\u00e4 Laatiko: mdf-levy\u00e4 Kansi: Koivu lv, harmaa ja ruskea kansi ovat massiivikoivua sek\u00e4\u2026","rel":"","context":"Similar post","block_context":{"text":"Similar post","link":""},"img":{"alt_text":"Klaara lipasto 2 pikkulaatikolla ja 2 isolla laatikolla valkoinen","src":"https:\/\/i0.wp.com\/pohjanmaantehtaanmyymala.fi\/wp-content\/uploads\/2019\/09\/Klaara-NRO-18-lipasto_318.jpg?fit=960%2C960&ssl=1&resize=350%2C200","width":350,"height":200,"srcset":"https:\/\/i0.wp.com\/pohjanmaantehtaanmyymala.fi\/wp-content\/uploads\/2019\/09\/Klaara-NRO-18-lipasto_318.jpg?fit=960%2C960&ssl=1&resize=350%2C200 1x, https:\/\/i0.wp.com\/pohjanmaantehtaanmyymala.fi\/wp-content\/uploads\/2019\/09\/Klaara-NRO-18-lipasto_318.jpg?fit=960%2C960&ssl=1&resize=525%2C300 1.5x, https:\/\/i0.wp.com\/pohjanmaantehtaanmyymala.fi\/wp-content\/uploads\/2019\/09\/Klaara-NRO-18-lipasto_318.jpg?fit=960%2C960&ssl=1&resize=700%2C400 2x"},"classes":[]},{"id":10778,"url":"https:\/\/pohjanmaantehtaanmyymala.fi\/en\/tuote\/klaara-lipasto-3\/","url_meta":{"origin":10783,"position":5},"title":"KLAARA 3 Lipasto 5 laatikkoa","author":"petri","date":"September 14, 2019","format":false,"excerpt":"Kotimainen Leo-Matti Ojalan valmistama Klaara leve\u00e4 lipasto, jossa on 5 kapeaa laatikkoa. Klaara sarjan runko ja laatikon etusarjojen v\u00e4ri on valkoinen. Kansiv\u00e4rin voi valita valkoisen, harmaan, koivu luonnonv\u00e4risen tai ruskean v\u00e4lilt\u00e4. Tuotetiedot: Runko: maalattua mdf-levy\u00e4 Laatiko: mdf-levy\u00e4 Kansi: Koivu lv, harmaa ja ruskea kansi ovat massiivikoivua sek\u00e4 valkoinem on mdf-levy\u00e4.\u2026","rel":"","context":"Similar post","block_context":{"text":"Similar post","link":""},"img":{"alt_text":"Klaara lipasto kapea valkoinen 5 laatikkoa","src":"https:\/\/i0.wp.com\/pohjanmaantehtaanmyymala.fi\/wp-content\/uploads\/2019\/09\/Klaara-NRO-3-lipasto_331.jpg?fit=960%2C960&ssl=1&resize=350%2C200","width":350,"height":200,"srcset":"https:\/\/i0.wp.com\/pohjanmaantehtaanmyymala.fi\/wp-content\/uploads\/2019\/09\/Klaara-NRO-3-lipasto_331.jpg?fit=960%2C960&ssl=1&resize=350%2C200 1x, https:\/\/i0.wp.com\/pohjanmaantehtaanmyymala.fi\/wp-content\/uploads\/2019\/09\/Klaara-NRO-3-lipasto_331.jpg?fit=960%2C960&ssl=1&resize=525%2C300 1.5x, https:\/\/i0.wp.com\/pohjanmaantehtaanmyymala.fi\/wp-content\/uploads\/2019\/09\/Klaara-NRO-3-lipasto_331.jpg?fit=960%2C960&ssl=1&resize=700%2C400 2x"},"classes":[]}],"_links":{"self":[{"href":"https:\/\/pohjanmaantehtaanmyymala.fi\/en\/wp-json\/wp\/v2\/product\/10783","targetHints":{"allow":["GET"]}}],"collection":[{"href":"https:\/\/pohjanmaantehtaanmyymala.fi\/en\/wp-json\/wp\/v2\/product"}],"about":[{"href":"https:\/\/pohjanmaantehtaanmyymala.fi\/en\/wp-json\/wp\/v2\/types\/product"}],"replies":[{"embeddable":true,"href":"https:\/\/pohjanmaantehtaanmyymala.fi\/en\/wp-json\/wp\/v2\/comments?post=10783"}],"wp:featuredmedia":[{"embeddable":true,"href":"https:\/\/pohjanmaantehtaanmyymala.fi\/en\/wp-json\/wp\/v2\/media\/10784"}],"wp:attachment":[{"href":"https:\/\/pohjanmaantehtaanmyymala.fi\/en\/wp-json\/wp\/v2\/media?parent=10783"}],"wp:term":[{"taxonomy":"product_brand","embeddable":true,"href":"https:\/\/pohjanmaantehtaanmyymala.fi\/en\/wp-json\/wp\/v2\/product_brand?post=10783"},{"taxonomy":"product_cat","embeddable":true,"href":"https:\/\/pohjanmaantehtaanmyymala.fi\/en\/wp-json\/wp\/v2\/product_cat?post=10783"},{"taxonomy":"product_tag","embeddable":true,"href":"https:\/\/pohjanmaantehtaanmyymala.fi\/en\/wp-json\/wp\/v2\/product_tag?post=10783"}],"curies":[{"name":"wp","href":"https:\/\/api.w.org\/{rel}","templated":true}]}}